{"id":20,"date":"2016-06-02T14:06:27","date_gmt":"2016-06-02T12:06:27","guid":{"rendered":"http:\/\/assist-solution.fr\/?page_id=20"},"modified":"2019-03-21T22:47:53","modified_gmt":"2019-03-21T20:47:53","slug":"assistsolution","status":"publish","type":"page","link":"https:\/\/assist-solution.fr\/","title":{"rendered":"Assist&rsquo; Solution"},"content":{"rendered":"<div id=\"pl-20\"  class=\"panel-layout\" ><div id=\"pg-20-0\"  class=\"panel-grid panel-no-style\" ><div id=\"pgc-20-0-0\"  class=\"panel-grid-cell\" ><div id=\"panel-20-0-0-0\" class=\"so-panel widget widget_sow-editor panel-first-child panel-last-child\" data-index=\"0\" ><div\n\t\t\t\n\t\t\tclass=\"so-widget-sow-editor so-widget-sow-editor-base\"\n\t\t\t\n\t\t>\n<div class=\"siteorigin-widget-tinymce textwidget\">\n\t<p style=\"text-align: justify;\">Vous \u00eates un professionnel\u00a0: artisan, commer\u00e7ant, profession lib\u00e9rale, VDI, association, centre de formation, Comit\u00e9 d'Entreprise, Centre d'Aide par le Travail, chef de projets, TPE, PME-PMI\u2026<\/p>\n<p style=\"text-align: justify;\">Aujourd'hui, la flexibilit\u00e9 est la capacit\u00e9 de l\u2019entreprise \u00e0 s\u2019adapter aux exigences \u00e9conomiques, techniques ou temporelles. L\u2019externalisation vers un service de secr\u00e9tariat administratif et commercial vous permettra de <strong>d\u00e9velopper une meilleure r\u00e9activit\u00e9<\/strong> en faisant appel \u00e0 un <strong>sp\u00e9cialiste du m\u00e9tier, seulement lorsque vous\u00a0en avez besoin, sur site ou \u00e0 distance, et sans engagement \u00e0 long terme, par une aide ponctuelle ou r\u00e9guli\u00e8re.<\/strong><\/p>\n<p style=\"text-align: justify;\">Mon savoir-faire et mes comp\u00e9tences vous lib\u00e9reront du temps et de l'\u00e9nergie et vous permettront de vous concentrer sur votre c\u0153ur de m\u00e9tier.<\/p>\n<p style=\"text-align: justify;\">Pour cela, je m'engage \u00e0 faire une \u00e9tude d\u00e9taill\u00e9e de vos besoins afin d'analyser le plus pr\u00e9cis\u00e9ment vos attentes et vos contraintes. Le but n'est pas de standardiser mon offre mais, au contraire, la <span style=\"color: #000000;\"><strong><u><a style=\"color: #000000;\" href=\"http:\/\/assist-solution.fr\/index.php\/prestations\/\">personnaliser en vous apportant LA solution qui r\u00e9pondra \u00e0 VOTRE demande<\/a>.<\/u><\/strong><\/span><\/p>\n<\/div>\n<\/div><\/div><\/div><\/div><div id=\"pg-20-1\"  class=\"panel-grid panel-has-style\" ><div class=\"so-parallax siteorigin-panels-stretch panel-row-style panel-row-style-for-20-1\" data-stretch-type=\"full\" ><img width=\"5389\" height=\"2052\" src=\"https:\/\/assist-solution.fr\/wp-content\/uploads\/2016\/06\/Ma-philosophie-e1464878768291.jpg\" class=\"attachment-full size-full\" alt=\"\" loading=\"eager\" data-siteorigin-parallax=\"true\" srcset=\"https:\/\/assist-solution.fr\/wp-content\/uploads\/2016\/06\/Ma-philosophie-e1464878768291.jpg 5389w, https:\/\/assist-solution.fr\/wp-content\/uploads\/2016\/06\/Ma-philosophie-e1464878768291-300x114.jpg 300w, https:\/\/assist-solution.fr\/wp-content\/uploads\/2016\/06\/Ma-philosophie-e1464878768291-768x292.jpg 768w, https:\/\/assist-solution.fr\/wp-content\/uploads\/2016\/06\/Ma-philosophie-e1464878768291-1024x390.jpg 1024w\" sizes=\"(max-width: 5389px) 100vw, 5389px\" \/><div id=\"pgc-20-1-0\"  class=\"panel-grid-cell panel-grid-cell-mobile-last\" ><div id=\"panel-20-1-0-0\" class=\"so-panel widget widget_sow-editor panel-first-child panel-last-child\" data-index=\"1\" ><div class=\"panel-widget-style panel-widget-style-for-20-1-0-0\" ><div\n\t\t\t\n\t\t\tclass=\"so-widget-sow-editor so-widget-sow-editor-base\"\n\t\t\t\n\t\t>\n<div class=\"siteorigin-widget-tinymce textwidget\">\n\t<p>&nbsp;<\/p>\n<p><strong><span style=\"color: #26128c;\">\u00catre \u00e0 l'\u00e9coute de vos besoins,<\/span><\/strong><\/p>\n<p><strong><span style=\"color: #26128c;\">Comp\u00e9tence et sp\u00e9cialit\u00e9,<\/span><\/strong><\/p>\n<p><strong><span style=\"color: #26128c;\">Personnalisation de l'offre,<\/span><\/strong><\/p>\n<p><strong><span style=\"color: #26128c;\">Capacit\u00e9 d\u2019adaptation,<\/span><\/strong><\/p>\n<p><strong><span style=\"color: #26128c;\">Savoir-faire et savoir-\u00eatre<\/span>.<\/strong><\/p>\n<\/div>\n<\/div><\/div><\/div><\/div><div id=\"pgc-20-1-1\"  class=\"panel-grid-cell panel-grid-cell-empty\" ><\/div><\/div><\/div><div id=\"pg-20-2\"  class=\"panel-grid panel-no-style\" ><div id=\"pgc-20-2-0\"  class=\"panel-grid-cell\" ><div id=\"panel-20-2-0-0\" class=\"so-panel widget widget_sow-button panel-first-child panel-last-child\" data-index=\"2\" ><div\n\t\t\t\n\t\t\tclass=\"so-widget-sow-button so-widget-sow-button-flat-87469cc72809-20\"\n\t\t\t\n\t\t><div class=\"ow-button-base ow-button-align-right\">\n\t<a href=\"https:\/\/assist-solution.fr\/index.php\/contact\/\" class=\"ow-icon-placement-left ow-button-hover\" \t\t>\n\t\t<span>\n\t\t\t<span class=\"sow-icon-fontawesome sow-fas\" data-sow-icon=\"&#xf105;\"\n\t\tstyle=\"color: #ffffff\" \n\t\taria-hidden=\"true\"><\/span>\n\t\t\tRencontrons-nous\t\t<\/span>\n\t<\/a>\n<\/div>\n<\/div><\/div><\/div><\/div><\/div>","protected":false},"excerpt":{"rendered":"<p>Vous \u00eates un professionnel\u00a0: artisan, commer\u00e7ant, profession lib\u00e9rale, VDI, association, centre de formation, Comit\u00e9 d&rsquo;Entreprise, Centre d&rsquo;Aide par le Travail, chef de projets, TPE, PME-PMI\u2026 Aujourd&rsquo;hui, la flexibilit\u00e9 est la capacit\u00e9 de l\u2019entreprise \u00e0 s\u2019adapter aux exigences \u00e9conomiques, techniques ou temporelles. L\u2019externalisation vers un service de secr\u00e9tariat administratif et commercial vous permettra de d\u00e9velopper une [&hellip;]<\/p>\n","protected":false},"author":1,"featured_media":0,"parent":0,"menu_order":0,"comment_status":"closed","ping_status":"closed","template":"page-full.php","meta":[],"yoast_head":"<!-- This site is optimized with the Yoast SEO plugin v19.8 - https:\/\/yoast.com\/wordpress\/plugins\/seo\/ -->\n<title>Assist&#039;Solution la gestion de votre administratif en toute libert\u00e9<\/title>\n<meta name=\"description\" content=\"La soci\u00e9t\u00e9 Assist&#039;Solution est une entreprise d&#039;assistance administrative et commerciale ind\u00e9pendante du Dunkerquois. Elle prend en charge votre gestion par une aide ponctuelle ou r\u00e9guli\u00e8re sans engagement \u00e0 long terme sur site ou \u00e0 distance. J&#039;interviens dans les domaines de la gestion administrative, commerciale, de la retranscription audio, de la communication et pr\u00e9paration du travail pour votre expert-comptable aupr\u00e8s des professionnels (artisans, professions lib\u00e9rales, commer\u00e7ants, collectivit\u00e9s, associations, chefs de projet, VDI), 20 ans d&#039;\u0092exp\u00e9rience terrain... mon expertise \u00e0 votre service. Ma particularit\u00e9 : ma capacit\u00e9 \u00e0 m&#039;adapter \u00e0 des univers professionnels tr\u00e8s vari\u00e9s au sein de grands groupes mais aussi des TPE\/PME en France comme \u00e0 l&#039;\u00e9tranger. J&#039;ai tr\u00e8s longtemps travaill\u00e9 en contrat d&#039;int\u00e9rim par choix pour me permettre d&#039;aborder diff\u00e9rents milieux professionnels ainsi que d&#039;\u0092\u00e9largir ma polyvalence. Ma formation sup\u00e9rieure : je suis titulaire d&#039;\u0092un BTS Assistante de gestion de PME PMI dont la philosophie est de nous apprendre \u00e0 nous mettre au service des petites entreprises. Tarification sur devis \u00e0 l&#039;\u0092heure ou au forfait.\" \/>\n<meta name=\"robots\" content=\"index, follow, max-snippet:-1, max-image-preview:large, max-video-preview:-1\" \/>\n<link rel=\"canonical\" href=\"https:\/\/assist-solution.fr\/\" \/>\n<meta property=\"og:locale\" content=\"fr_FR\" \/>\n<meta property=\"og:type\" content=\"article\" \/>\n<meta property=\"og:title\" content=\"Assist&#039;Solution la gestion de votre administratif en toute libert\u00e9\" \/>\n<meta property=\"og:description\" content=\"La soci\u00e9t\u00e9 Assist&#039;Solution est une entreprise d&#039;assistance administrative et commerciale ind\u00e9pendante du Dunkerquois. Elle prend en charge votre gestion par une aide ponctuelle ou r\u00e9guli\u00e8re sans engagement \u00e0 long terme sur site ou \u00e0 distance. J&#039;interviens dans les domaines de la gestion administrative, commerciale, de la retranscription audio, de la communication et pr\u00e9paration du travail pour votre expert-comptable aupr\u00e8s des professionnels (artisans, professions lib\u00e9rales, commer\u00e7ants, collectivit\u00e9s, associations, chefs de projet, VDI), 20 ans d&#039;\u0092exp\u00e9rience terrain... mon expertise \u00e0 votre service. Ma particularit\u00e9 : ma capacit\u00e9 \u00e0 m&#039;adapter \u00e0 des univers professionnels tr\u00e8s vari\u00e9s au sein de grands groupes mais aussi des TPE\/PME en France comme \u00e0 l&#039;\u00e9tranger. J&#039;ai tr\u00e8s longtemps travaill\u00e9 en contrat d&#039;int\u00e9rim par choix pour me permettre d&#039;aborder diff\u00e9rents milieux professionnels ainsi que d&#039;\u0092\u00e9largir ma polyvalence. Ma formation sup\u00e9rieure : je suis titulaire d&#039;\u0092un BTS Assistante de gestion de PME PMI dont la philosophie est de nous apprendre \u00e0 nous mettre au service des petites entreprises. Tarification sur devis \u00e0 l&#039;\u0092heure ou au forfait.\" \/>\n<meta property=\"og:url\" content=\"https:\/\/assist-solution.fr\/\" \/>\n<meta property=\"og:site_name\" content=\"Assist&#039;Solution\" \/>\n<meta property=\"article:publisher\" content=\"https:\/\/www.facebook.com\/AssistSolution.fr\/\" \/>\n<meta property=\"article:modified_time\" content=\"2019-03-21T20:47:53+00:00\" \/>\n<meta property=\"og:image\" content=\"https:\/\/assist-solution.fr\/wp-content\/uploads\/2017\/12\/IMG_20170126_162038-1024x768.jpg\" \/>\n\t<meta property=\"og:image:width\" content=\"1024\" \/>\n\t<meta property=\"og:image:height\" content=\"768\" \/>\n\t<meta property=\"og:image:type\" content=\"image\/jpeg\" \/>\n<meta name=\"twitter:card\" content=\"summary_large_image\" \/>\n<meta name=\"twitter:label1\" content=\"Dur\u00e9e de lecture estim\u00e9e\" \/>\n\t<meta name=\"twitter:data1\" content=\"1 minute\" \/>\n<script type=\"application\/ld+json\" class=\"yoast-schema-graph\">{\"@context\":\"https:\/\/schema.org\",\"@graph\":[{\"@type\":\"WebPage\",\"@id\":\"https:\/\/assist-solution.fr\/\",\"url\":\"https:\/\/assist-solution.fr\/\",\"name\":\"Assist'Solution la gestion de votre administratif en toute libert\u00e9\",\"isPartOf\":{\"@id\":\"https:\/\/assist-solution.fr\/#website\"},\"datePublished\":\"2016-06-02T12:06:27+00:00\",\"dateModified\":\"2019-03-21T20:47:53+00:00\",\"description\":\"La soci\u00e9t\u00e9 Assist'Solution est une entreprise d'assistance administrative et commerciale ind\u00e9pendante du Dunkerquois. Elle prend en charge votre gestion par une aide ponctuelle ou r\u00e9guli\u00e8re sans engagement \u00e0 long terme sur site ou \u00e0 distance. J'interviens dans les domaines de la gestion administrative, commerciale, de la retranscription audio, de la communication et pr\u00e9paration du travail pour votre expert-comptable aupr\u00e8s des professionnels (artisans, professions lib\u00e9rales, commer\u00e7ants, collectivit\u00e9s, associations, chefs de projet, VDI), 20 ans d'\u0092exp\u00e9rience terrain... mon expertise \u00e0 votre service. Ma particularit\u00e9 : ma capacit\u00e9 \u00e0 m'adapter \u00e0 des univers professionnels tr\u00e8s vari\u00e9s au sein de grands groupes mais aussi des TPE\/PME en France comme \u00e0 l'\u00e9tranger. J'ai tr\u00e8s longtemps travaill\u00e9 en contrat d'int\u00e9rim par choix pour me permettre d'aborder diff\u00e9rents milieux professionnels ainsi que d'\u0092\u00e9largir ma polyvalence. Ma formation sup\u00e9rieure : je suis titulaire d'\u0092un BTS Assistante de gestion de PME PMI dont la philosophie est de nous apprendre \u00e0 nous mettre au service des petites entreprises. Tarification sur devis \u00e0 l'\u0092heure ou au forfait.\",\"breadcrumb\":{\"@id\":\"https:\/\/assist-solution.fr\/#breadcrumb\"},\"inLanguage\":\"fr-FR\",\"potentialAction\":[{\"@type\":\"ReadAction\",\"target\":[\"https:\/\/assist-solution.fr\/\"]}]},{\"@type\":\"BreadcrumbList\",\"@id\":\"https:\/\/assist-solution.fr\/#breadcrumb\",\"itemListElement\":[{\"@type\":\"ListItem\",\"position\":1,\"name\":\"Accueil\",\"item\":\"https:\/\/assist-solution.fr\/\"},{\"@type\":\"ListItem\",\"position\":2,\"name\":\"Assist&rsquo; Solution\"}]},{\"@type\":\"WebSite\",\"@id\":\"https:\/\/assist-solution.fr\/#website\",\"url\":\"https:\/\/assist-solution.fr\/\",\"name\":\"Assist&#039;Solution\",\"description\":\"La gestion de votre administratif en toute libert\u00e9\",\"potentialAction\":[{\"@type\":\"SearchAction\",\"target\":{\"@type\":\"EntryPoint\",\"urlTemplate\":\"https:\/\/assist-solution.fr\/?s={search_term_string}\"},\"query-input\":\"required name=search_term_string\"}],\"inLanguage\":\"fr-FR\"}]}<\/script>\n<!-- \/ Yoast SEO plugin. -->","yoast_head_json":{"title":"Assist'Solution la gestion de votre administratif en toute libert\u00e9","description":"La soci\u00e9t\u00e9 Assist'Solution est une entreprise d'assistance administrative et commerciale ind\u00e9pendante du Dunkerquois. Elle prend en charge votre gestion par une aide ponctuelle ou r\u00e9guli\u00e8re sans engagement \u00e0 long terme sur site ou \u00e0 distance. J'interviens dans les domaines de la gestion administrative, commerciale, de la retranscription audio, de la communication et pr\u00e9paration du travail pour votre expert-comptable aupr\u00e8s des professionnels (artisans, professions lib\u00e9rales, commer\u00e7ants, collectivit\u00e9s, associations, chefs de projet, VDI), 20 ans d'\u0092exp\u00e9rience terrain... mon expertise \u00e0 votre service. Ma particularit\u00e9 : ma capacit\u00e9 \u00e0 m'adapter \u00e0 des univers professionnels tr\u00e8s vari\u00e9s au sein de grands groupes mais aussi des TPE\/PME en France comme \u00e0 l'\u00e9tranger. J'ai tr\u00e8s longtemps travaill\u00e9 en contrat d'int\u00e9rim par choix pour me permettre d'aborder diff\u00e9rents milieux professionnels ainsi que d'\u0092\u00e9largir ma polyvalence. Ma formation sup\u00e9rieure : je suis titulaire d'\u0092un BTS Assistante de gestion de PME PMI dont la philosophie est de nous apprendre \u00e0 nous mettre au service des petites entreprises. Tarification sur devis \u00e0 l'\u0092heure ou au forfait.","robots":{"index":"index","follow":"follow","max-snippet":"max-snippet:-1","max-image-preview":"max-image-preview:large","max-video-preview":"max-video-preview:-1"},"canonical":"https:\/\/assist-solution.fr\/","og_locale":"fr_FR","og_type":"article","og_title":"Assist'Solution la gestion de votre administratif en toute libert\u00e9","og_description":"La soci\u00e9t\u00e9 Assist'Solution est une entreprise d'assistance administrative et commerciale ind\u00e9pendante du Dunkerquois. Elle prend en charge votre gestion par une aide ponctuelle ou r\u00e9guli\u00e8re sans engagement \u00e0 long terme sur site ou \u00e0 distance. J'interviens dans les domaines de la gestion administrative, commerciale, de la retranscription audio, de la communication et pr\u00e9paration du travail pour votre expert-comptable aupr\u00e8s des professionnels (artisans, professions lib\u00e9rales, commer\u00e7ants, collectivit\u00e9s, associations, chefs de projet, VDI), 20 ans d'\u0092exp\u00e9rience terrain... mon expertise \u00e0 votre service. Ma particularit\u00e9 : ma capacit\u00e9 \u00e0 m'adapter \u00e0 des univers professionnels tr\u00e8s vari\u00e9s au sein de grands groupes mais aussi des TPE\/PME en France comme \u00e0 l'\u00e9tranger. J'ai tr\u00e8s longtemps travaill\u00e9 en contrat d'int\u00e9rim par choix pour me permettre d'aborder diff\u00e9rents milieux professionnels ainsi que d'\u0092\u00e9largir ma polyvalence. Ma formation sup\u00e9rieure : je suis titulaire d'\u0092un BTS Assistante de gestion de PME PMI dont la philosophie est de nous apprendre \u00e0 nous mettre au service des petites entreprises. Tarification sur devis \u00e0 l'\u0092heure ou au forfait.","og_url":"https:\/\/assist-solution.fr\/","og_site_name":"Assist&#039;Solution","article_publisher":"https:\/\/www.facebook.com\/AssistSolution.fr\/","article_modified_time":"2019-03-21T20:47:53+00:00","og_image":[{"width":1024,"height":768,"url":"https:\/\/assist-solution.fr\/wp-content\/uploads\/2017\/12\/IMG_20170126_162038-1024x768.jpg","type":"image\/jpeg"}],"twitter_card":"summary_large_image","twitter_misc":{"Dur\u00e9e de lecture estim\u00e9e":"1 minute"},"schema":{"@context":"https:\/\/schema.org","@graph":[{"@type":"WebPage","@id":"https:\/\/assist-solution.fr\/","url":"https:\/\/assist-solution.fr\/","name":"Assist'Solution la gestion de votre administratif en toute libert\u00e9","isPartOf":{"@id":"https:\/\/assist-solution.fr\/#website"},"datePublished":"2016-06-02T12:06:27+00:00","dateModified":"2019-03-21T20:47:53+00:00","description":"La soci\u00e9t\u00e9 Assist'Solution est une entreprise d'assistance administrative et commerciale ind\u00e9pendante du Dunkerquois. Elle prend en charge votre gestion par une aide ponctuelle ou r\u00e9guli\u00e8re sans engagement \u00e0 long terme sur site ou \u00e0 distance. J'interviens dans les domaines de la gestion administrative, commerciale, de la retranscription audio, de la communication et pr\u00e9paration du travail pour votre expert-comptable aupr\u00e8s des professionnels (artisans, professions lib\u00e9rales, commer\u00e7ants, collectivit\u00e9s, associations, chefs de projet, VDI), 20 ans d'\u0092exp\u00e9rience terrain... mon expertise \u00e0 votre service. Ma particularit\u00e9 : ma capacit\u00e9 \u00e0 m'adapter \u00e0 des univers professionnels tr\u00e8s vari\u00e9s au sein de grands groupes mais aussi des TPE\/PME en France comme \u00e0 l'\u00e9tranger. J'ai tr\u00e8s longtemps travaill\u00e9 en contrat d'int\u00e9rim par choix pour me permettre d'aborder diff\u00e9rents milieux professionnels ainsi que d'\u0092\u00e9largir ma polyvalence. Ma formation sup\u00e9rieure : je suis titulaire d'\u0092un BTS Assistante de gestion de PME PMI dont la philosophie est de nous apprendre \u00e0 nous mettre au service des petites entreprises. Tarification sur devis \u00e0 l'\u0092heure ou au forfait.","breadcrumb":{"@id":"https:\/\/assist-solution.fr\/#breadcrumb"},"inLanguage":"fr-FR","potentialAction":[{"@type":"ReadAction","target":["https:\/\/assist-solution.fr\/"]}]},{"@type":"BreadcrumbList","@id":"https:\/\/assist-solution.fr\/#breadcrumb","itemListElement":[{"@type":"ListItem","position":1,"name":"Accueil","item":"https:\/\/assist-solution.fr\/"},{"@type":"ListItem","position":2,"name":"Assist&rsquo; Solution"}]},{"@type":"WebSite","@id":"https:\/\/assist-solution.fr\/#website","url":"https:\/\/assist-solution.fr\/","name":"Assist&#039;Solution","description":"La gestion de votre administratif en toute libert\u00e9","potentialAction":[{"@type":"SearchAction","target":{"@type":"EntryPoint","urlTemplate":"https:\/\/assist-solution.fr\/?s={search_term_string}"},"query-input":"required name=search_term_string"}],"inLanguage":"fr-FR"}]}},"_links":{"self":[{"href":"https:\/\/assist-solution.fr\/index.php\/wp-json\/wp\/v2\/pages\/20"}],"collection":[{"href":"https:\/\/assist-solution.fr\/index.php\/wp-json\/wp\/v2\/pages"}],"about":[{"href":"https:\/\/assist-solution.fr\/index.php\/wp-json\/wp\/v2\/types\/page"}],"author":[{"embeddable":true,"href":"https:\/\/assist-solution.fr\/index.php\/wp-json\/wp\/v2\/users\/1"}],"replies":[{"embeddable":true,"href":"https:\/\/assist-solution.fr\/index.php\/wp-json\/wp\/v2\/comments?post=20"}],"version-history":[{"count":36,"href":"https:\/\/assist-solution.fr\/index.php\/wp-json\/wp\/v2\/pages\/20\/revisions"}],"predecessor-version":[{"id":23,"href":"https:\/\/assist-solution.fr\/index.php\/wp-json\/wp\/v2\/pages\/20\/revisions\/23"}],"wp:attachment":[{"href":"https:\/\/assist-solution.fr\/index.php\/wp-json\/wp\/v2\/media?parent=20"}],"curies":[{"name":"wp","href":"https:\/\/api.w.org\/{rel}","templated":true}]}}